{"id":404,"date":"2020-07-16T08:23:18","date_gmt":"2020-07-16T08:23:18","guid":{"rendered":"https:\/\/www.mrosenfelder.com\/biographie\/"},"modified":"2023-07-20T23:28:23","modified_gmt":"2023-07-20T21:28:23","slug":"biography","status":"publish","type":"page","link":"https:\/\/www.mrosenfelder.com\/en\/biography\/","title":{"rendered":"Biography"},"content":{"rendered":"\t\t<div data-elementor-type=\"wp-page\" data-elementor-id=\"404\" class=\"elementor elementor-404 elementor-12\" data-elementor-post-type=\"page\">\n\t\t\t\t\t\t\t\t\t<section class=\"elementor-section elementor-top-section elementor-element elementor-element-216e614 elementor-section-height-min-height elementor-section-items-top elementor-section-boxed elementor-section-height-default\" data-id=\"216e614\" data-element_type=\"section\" data-settings=\"{&quot;jet_parallax_layout_list&quot;:[{&quot;jet_parallax_layout_image&quot;:{&quot;url&quot;:&quot;&quot;,&quot;id&quot;:&quot;&quot;,&quot;size&quot;:&quot;&quot;},&quot;_id&quot;:&quot;af402d5&quot;,&quot;jet_parallax_layout_image_tablet&quot;:{&quot;url&quot;:&quot;&quot;,&quot;id&quot;:&quot;&quot;,&quot;size&quot;:&quot;&quot;},&quot;jet_parallax_layout_image_mobile&quot;:{&quot;url&quot;:&quot;&quot;,&quot;id&quot;:&quot;&quot;,&quot;size&quot;:&quot;&quot;},&quot;jet_parallax_layout_speed&quot;:{&quot;unit&quot;:&quot;%&quot;,&quot;size&quot;:50,&quot;sizes&quot;:[]},&quot;jet_parallax_layout_type&quot;:&quot;scroll&quot;,&quot;jet_parallax_layout_direction&quot;:null,&quot;jet_parallax_layout_fx_direction&quot;:null,&quot;jet_parallax_layout_z_index&quot;:&quot;&quot;,&quot;jet_parallax_layout_bg_x&quot;:50,&quot;jet_parallax_layout_bg_x_tablet&quot;:&quot;&quot;,&quot;jet_parallax_layout_bg_x_mobile&quot;:&quot;&quot;,&quot;jet_parallax_layout_bg_y&quot;:50,&quot;jet_parallax_layout_bg_y_tablet&quot;:&quot;&quot;,&quot;jet_parallax_layout_bg_y_mobile&quot;:&quot;&quot;,&quot;jet_parallax_layout_bg_size&quot;:&quot;auto&quot;,&quot;jet_parallax_layout_bg_size_tablet&quot;:&quot;&quot;,&quot;jet_parallax_layout_bg_size_mobile&quot;:&quot;&quot;,&quot;jet_parallax_layout_animation_prop&quot;:&quot;transform&quot;,&quot;jet_parallax_layout_on&quot;:[&quot;desktop&quot;,&quot;tablet&quot;]}]}\">\n\t\t\t\t\t\t<div class=\"elementor-container elementor-column-gap-wide\">\n\t\t\t\t\t<div class=\"elementor-column elementor-col-50 elementor-top-column elementor-element elementor-element-946b39c\" data-id=\"946b39c\" data-element_type=\"column\">\n\t\t\t<div class=\"elementor-widget-wrap elementor-element-populated\">\n\t\t\t\t\t\t\t\t<div class=\"elementor-element elementor-element-73baccc elementor-widget elementor-widget-image\" data-id=\"73baccc\" data-element_type=\"widget\" data-widget_type=\"image.default\">\n\t\t\t\t<div class=\"elementor-widget-container\">\n\t\t\t<style>\/*! elementor - v3.16.0 - 13-09-2023 *\/\n.elementor-widget-image{text-align:center}.elementor-widget-image a{display:inline-block}.elementor-widget-image a img[src$=\".svg\"]{width:48px}.elementor-widget-image img{vertical-align:middle;display:inline-block}<\/style>\t\t\t\t\t\t\t\t\t\t\t\t<img decoding=\"async\" loading=\"lazy\" width=\"2150\" height=\"2560\" src=\"https:\/\/www.mrosenfelder.com\/wp-content\/uploads\/2020\/12\/Photo-Profile--scaled.jpg\" class=\"attachment-full size-full wp-image-1786\" alt=\"\" srcset=\"https:\/\/www.mrosenfelder.com\/wp-content\/uploads\/2020\/12\/Photo-Profile--scaled.jpg 2150w, https:\/\/www.mrosenfelder.com\/wp-content\/uploads\/2020\/12\/Photo-Profile--252x300.jpg 252w, https:\/\/www.mrosenfelder.com\/wp-content\/uploads\/2020\/12\/Photo-Profile--860x1024.jpg 860w, https:\/\/www.mrosenfelder.com\/wp-content\/uploads\/2020\/12\/Photo-Profile--768x915.jpg 768w, https:\/\/www.mrosenfelder.com\/wp-content\/uploads\/2020\/12\/Photo-Profile--1290x1536.jpg 1290w, https:\/\/www.mrosenfelder.com\/wp-content\/uploads\/2020\/12\/Photo-Profile--1720x2048.jpg 1720w\" sizes=\"(max-width: 2150px) 100vw, 2150px\" \/>\t\t\t\t\t\t\t\t\t\t\t\t\t\t\t<\/div>\n\t\t\t\t<\/div>\n\t\t\t\t\t<\/div>\n\t\t<\/div>\n\t\t\t\t<div class=\"elementor-column elementor-col-50 elementor-top-column elementor-element elementor-element-29e7333\" data-id=\"29e7333\" data-element_type=\"column\">\n\t\t\t<div class=\"elementor-widget-wrap elementor-element-populated\">\n\t\t\t\t\t\t\t\t<div class=\"elementor-element elementor-element-3906090 elementor-widget elementor-widget-text-editor\" data-id=\"3906090\" data-element_type=\"widget\" data-widget_type=\"text-editor.default\">\n\t\t\t\t<div class=\"elementor-widget-container\">\n\t\t\t<style>\/*! elementor - v3.16.0 - 13-09-2023 *\/\n.elementor-widget-text-editor.elementor-drop-cap-view-stacked .elementor-drop-cap{background-color:#69727d;color:#fff}.elementor-widget-text-editor.elementor-drop-cap-view-framed .elementor-drop-cap{color:#69727d;border:3px solid;background-color:transparent}.elementor-widget-text-editor:not(.elementor-drop-cap-view-default) .elementor-drop-cap{margin-top:8px}.elementor-widget-text-editor:not(.elementor-drop-cap-view-default) .elementor-drop-cap-letter{width:1em;height:1em}.elementor-widget-text-editor .elementor-drop-cap{float:left;text-align:center;line-height:1;font-size:50px}.elementor-widget-text-editor .elementor-drop-cap-letter{display:inline-block}<\/style>\t\t\t\t<p>Michel Rosenfelder was born in 1969 in Allier, France.<\/p><p>He originally wanted to become a designer but decided to pursue a path in International Commerce &amp; Business instead. However, it was when he started to work in fashion that he discovered his true passion for different art forms and creative expressions.<\/p><p>\u00a0<\/p><p>All the years he spent working as a creative alongside leading designers in luxury fashion really triggered Michel\u2019s interest in seeing the beauty of unexpected aesthetic forms. This experience consequently pushed him, unconsciously, to express himself artistically.\u00a0<\/p><p>\u00a0<\/p><p>His fascination with walls and urban surfaces, that he observes and studies during his travels around the world, is of both physical and symbolic importance. He discovers materials marked by time, cracked coatings, patinas and extracts, sometimes figurative, but often abstract images that question the perception of the urban landscape and create a dialogue with the viewer; a response to the &#8220;wall of incomprehension&#8221; that crosses his path.<\/p><p>\u00a0<\/p><p>Beyond purely aesthetic research, precisely selecting the perimeter of the vertical surface which touch him through his lens, he cuts down what defines, divides and gives meaning to space and he opens imaginary windows \u2026 The obscurity and secrets of the ancient walls are dissipated, a presence is manifested, what is near becomes distant. This offers the opportunity to immerse in an image that exists only in the eyes of the beholder \u2026 Partitioning becomes a contemplative space.<\/p><p>To maintain the authenticity of what he observes, Michel uses no filter and does not retouch the images. Only the enlargement of the print reveals the true beauty of the material.<\/p>\t\t\t\t\t\t<\/div>\n\t\t\t\t<\/div>\n\t\t\t\t\t<\/div>\n\t\t<\/div>\n\t\t\t\t\t\t\t<\/div>\n\t\t<\/section>\n\t\t\t\t<section class=\"elementor-section elementor-top-section elementor-element elementor-element-8b98f4f elementor-section-boxed elementor-section-height-default elementor-section-height-default\" data-id=\"8b98f4f\" data-element_type=\"section\" data-settings=\"{&quot;jet_parallax_layout_list&quot;:[{&quot;jet_parallax_layout_image&quot;:{&quot;url&quot;:&quot;&quot;,&quot;id&quot;:&quot;&quot;,&quot;size&quot;:&quot;&quot;},&quot;_id&quot;:&quot;4e84fec&quot;,&quot;jet_parallax_layout_image_tablet&quot;:{&quot;url&quot;:&quot;&quot;,&quot;id&quot;:&quot;&quot;,&quot;size&quot;:&quot;&quot;},&quot;jet_parallax_layout_image_mobile&quot;:{&quot;url&quot;:&quot;&quot;,&quot;id&quot;:&quot;&quot;,&quot;size&quot;:&quot;&quot;},&quot;jet_parallax_layout_speed&quot;:{&quot;unit&quot;:&quot;%&quot;,&quot;size&quot;:50,&quot;sizes&quot;:[]},&quot;jet_parallax_layout_type&quot;:&quot;scroll&quot;,&quot;jet_parallax_layout_direction&quot;:null,&quot;jet_parallax_layout_fx_direction&quot;:null,&quot;jet_parallax_layout_z_index&quot;:&quot;&quot;,&quot;jet_parallax_layout_bg_x&quot;:50,&quot;jet_parallax_layout_bg_x_tablet&quot;:&quot;&quot;,&quot;jet_parallax_layout_bg_x_mobile&quot;:&quot;&quot;,&quot;jet_parallax_layout_bg_y&quot;:50,&quot;jet_parallax_layout_bg_y_tablet&quot;:&quot;&quot;,&quot;jet_parallax_layout_bg_y_mobile&quot;:&quot;&quot;,&quot;jet_parallax_layout_bg_size&quot;:&quot;auto&quot;,&quot;jet_parallax_layout_bg_size_tablet&quot;:&quot;&quot;,&quot;jet_parallax_layout_bg_size_mobile&quot;:&quot;&quot;,&quot;jet_parallax_layout_animation_prop&quot;:&quot;transform&quot;,&quot;jet_parallax_layout_on&quot;:[&quot;desktop&quot;,&quot;tablet&quot;]}]}\">\n\t\t\t\t\t\t<div class=\"elementor-container elementor-column-gap-default\">\n\t\t\t\t\t<div class=\"elementor-column elementor-col-100 elementor-top-column elementor-element elementor-element-32efafe\" data-id=\"32efafe\" data-element_type=\"column\">\n\t\t\t<div class=\"elementor-widget-wrap elementor-element-populated\">\n\t\t\t\t\t\t\t\t<div class=\"elementor-element elementor-element-65fce63 elementor-widget elementor-widget-shortcode\" data-id=\"65fce63\" data-element_type=\"widget\" data-widget_type=\"shortcode.default\">\n\t\t\t\t<div class=\"elementor-widget-container\">\n\t\t\t\t\t<div class=\"elementor-shortcode\">\n<div class=\"wpml-ls-statics-shortcode_actions wpml-ls wpml-ls-legacy-list-horizontal\">\n\t<ul><li class=\"wpml-ls-slot-shortcode_actions wpml-ls-item wpml-ls-item-fr wpml-ls-first-item wpml-ls-item-legacy-list-horizontal\">\n\t\t\t\t<a href=\"https:\/\/www.mrosenfelder.com\" class=\"wpml-ls-link\">\n                    <span class=\"wpml-ls-native\" lang=\"fr\">Fran\u00e7ais<\/span><\/a>\n\t\t\t<\/li><li class=\"wpml-ls-slot-shortcode_actions wpml-ls-item wpml-ls-item-en wpml-ls-current-language wpml-ls-item-legacy-list-horizontal\">\n\t\t\t\t<a href=\"https:\/\/www.mrosenfelder.com\/en\/\" class=\"wpml-ls-link\">\n                    <span class=\"wpml-ls-native\">English<\/span><\/a>\n\t\t\t<\/li><li class=\"wpml-ls-slot-shortcode_actions wpml-ls-item wpml-ls-item-it wpml-ls-last-item wpml-ls-item-legacy-list-horizontal\">\n\t\t\t\t<a href=\"https:\/\/www.mrosenfelder.com\/it\/\" class=\"wpml-ls-link\">\n                    <span class=\"wpml-ls-native\" lang=\"it\">Italiano<\/span><\/a>\n\t\t\t<\/li><\/ul>\n<\/div>\n<\/div>\n\t\t\t\t<\/div>\n\t\t\t\t<\/div>\n\t\t\t\t\t<\/div>\n\t\t<\/div>\n\t\t\t\t\t\t\t<\/div>\n\t\t<\/section>\n\t\t\t\t\t\t\t<\/div>\n\t\t","protected":false},"excerpt":{"rendered":"<p>Michel Rosenfelder was born in 1969 in Allier, France. He originally wanted to become a designer but decided to pursue a path in International Commerce &amp; Business instead. However, it was when he started to work in fashion that he discovered his true passion for different art forms and creative expressions. \u00a0 All the years &hellip;<\/p>\n<p class=\"read-more\"> <a class=\"\" href=\"https:\/\/www.mrosenfelder.com\/en\/biography\/\"> <span class=\"screen-reader-text\">Biography<\/span> Read More &raquo;<\/a><\/p>\n","protected":false},"author":1,"featured_media":0,"parent":0,"menu_order":0,"comment_status":"closed","ping_status":"closed","template":"","meta":{"_monsterinsights_skip_tracking":false,"_monsterinsights_sitenote_active":false,"_monsterinsights_sitenote_note":"","_monsterinsights_sitenote_category":0,"site-sidebar-layout":"no-sidebar","site-content-layout":"page-builder","ast-global-header-display":"","ast-banner-title-visibility":"","ast-main-header-display":"","ast-hfb-above-header-display":"","ast-hfb-below-header-display":"","ast-hfb-mobile-header-display":"","site-post-title":"disabled","ast-breadcrumbs-content":"","ast-featured-img":"disabled","footer-sml-layout":"","theme-transparent-header-meta":"default","adv-header-id-meta":"","stick-header-meta":"","header-above-stick-meta":"","header-main-stick-meta":"","header-below-stick-meta":"","footnotes":""},"yoast_head":"<!-- This site is optimized with the Yoast SEO plugin v22.6 - https:\/\/yoast.com\/wordpress\/plugins\/seo\/ -->\n<title>Biography &#187; Michel Rosenfelder Photography<\/title>\n<meta name=\"robots\" content=\"index, follow, max-snippet:-1, max-image-preview:large, max-video-preview:-1\" \/>\n<link rel=\"canonical\" href=\"https:\/\/www.mrosenfelder.com\/en\/biography\/\" \/>\n<meta property=\"og:locale\" content=\"en_US\" \/>\n<meta property=\"og:type\" content=\"article\" \/>\n<meta property=\"og:title\" content=\"Biography &#187; Michel Rosenfelder Photography\" \/>\n<meta property=\"og:description\" content=\"Michel Rosenfelder was born in 1969 in Allier, France. He originally wanted to become a designer but decided to pursue a path in International Commerce &amp; Business instead. However, it was when he started to work in fashion that he discovered his true passion for different art forms and creative expressions. \u00a0 All the years &hellip; Biography Read More &raquo;\" \/>\n<meta property=\"og:url\" content=\"https:\/\/www.mrosenfelder.com\/en\/biography\/\" \/>\n<meta property=\"og:site_name\" content=\"Michel Rosenfelder Photography\" \/>\n<meta property=\"article:publisher\" content=\"https:\/\/www.facebook.com\/people\/Michel-Rosenfelder\/100008189806700\" \/>\n<meta property=\"article:modified_time\" content=\"2023-07-20T21:28:23+00:00\" \/>\n<meta property=\"og:image\" content=\"https:\/\/www.mrosenfelder.com\/wp-content\/uploads\/2020\/12\/Photo-Profile--scaled.jpg\" \/>\n<meta name=\"twitter:card\" content=\"summary_large_image\" \/>\n<meta name=\"twitter:label1\" content=\"Est. reading time\" \/>\n\t<meta name=\"twitter:data1\" content=\"2 minutes\" \/>\n<script type=\"application\/ld+json\" class=\"yoast-schema-graph\">{\"@context\":\"https:\/\/schema.org\",\"@graph\":[{\"@type\":\"WebPage\",\"@id\":\"https:\/\/www.mrosenfelder.com\/en\/biography\/\",\"url\":\"https:\/\/www.mrosenfelder.com\/en\/biography\/\",\"name\":\"Biography &#187; Michel Rosenfelder Photography\",\"isPartOf\":{\"@id\":\"https:\/\/www.mrosenfelder.com\/en\/#website\"},\"primaryImageOfPage\":{\"@id\":\"https:\/\/www.mrosenfelder.com\/en\/biography\/#primaryimage\"},\"image\":{\"@id\":\"https:\/\/www.mrosenfelder.com\/en\/biography\/#primaryimage\"},\"thumbnailUrl\":\"https:\/\/www.mrosenfelder.com\/wp-content\/uploads\/2020\/12\/Photo-Profile--scaled.jpg\",\"datePublished\":\"2020-07-16T08:23:18+00:00\",\"dateModified\":\"2023-07-20T21:28:23+00:00\",\"breadcrumb\":{\"@id\":\"https:\/\/www.mrosenfelder.com\/en\/biography\/#breadcrumb\"},\"inLanguage\":\"en-US\",\"potentialAction\":[{\"@type\":\"ReadAction\",\"target\":[\"https:\/\/www.mrosenfelder.com\/en\/biography\/\"]}]},{\"@type\":\"ImageObject\",\"inLanguage\":\"en-US\",\"@id\":\"https:\/\/www.mrosenfelder.com\/en\/biography\/#primaryimage\",\"url\":\"https:\/\/www.mrosenfelder.com\/wp-content\/uploads\/2020\/12\/Photo-Profile--scaled.jpg\",\"contentUrl\":\"https:\/\/www.mrosenfelder.com\/wp-content\/uploads\/2020\/12\/Photo-Profile--scaled.jpg\"},{\"@type\":\"BreadcrumbList\",\"@id\":\"https:\/\/www.mrosenfelder.com\/en\/biography\/#breadcrumb\",\"itemListElement\":[{\"@type\":\"ListItem\",\"position\":1,\"name\":\"Home\",\"item\":\"https:\/\/www.mrosenfelder.com\/en\/\"},{\"@type\":\"ListItem\",\"position\":2,\"name\":\"Biography\"}]},{\"@type\":\"WebSite\",\"@id\":\"https:\/\/www.mrosenfelder.com\/en\/#website\",\"url\":\"https:\/\/www.mrosenfelder.com\/en\/\",\"name\":\"Michel Rosenfelder Photography\",\"description\":\"\",\"publisher\":{\"@id\":\"https:\/\/www.mrosenfelder.com\/en\/#\/schema\/person\/563f85e5874b9d599328ff029e68baad\"},\"potentialAction\":[{\"@type\":\"SearchAction\",\"target\":{\"@type\":\"EntryPoint\",\"urlTemplate\":\"https:\/\/www.mrosenfelder.com\/en\/?s={search_term_string}\"},\"query-input\":\"required name=search_term_string\"}],\"inLanguage\":\"en-US\"},{\"@type\":[\"Person\",\"Organization\"],\"@id\":\"https:\/\/www.mrosenfelder.com\/en\/#\/schema\/person\/563f85e5874b9d599328ff029e68baad\",\"name\":\"Michel Rosenfelder\",\"image\":{\"@type\":\"ImageObject\",\"inLanguage\":\"en-US\",\"@id\":\"https:\/\/www.mrosenfelder.com\/en\/#\/schema\/person\/image\/\",\"url\":\"https:\/\/www.mrosenfelder.com\/wp-content\/uploads\/2020\/09\/michel-rosenfelder-logo.png\",\"contentUrl\":\"https:\/\/www.mrosenfelder.com\/wp-content\/uploads\/2020\/09\/michel-rosenfelder-logo.png\",\"width\":1036,\"height\":64,\"caption\":\"Michel Rosenfelder\"},\"logo\":{\"@id\":\"https:\/\/www.mrosenfelder.com\/en\/#\/schema\/person\/image\/\"},\"description\":\"Michel Rosenfelder est n\u00e9 en 1969 en Allier, France. Bien qu\u2019attir\u00e9 par une formation de designer, il suit finalement en 1990 une voie g\u00e9n\u00e9raliste en Commerce International, mais c\u2019est dans la mode qu\u2019il exprimera en premier sa sensibilit\u00e9. Il int\u00e8gre la Maison KENZO en 1992, pour laquelle il participera au d\u00e9veloppement de l\u2019Homme pendant pr\u00e8s de 20 ans. Il collabore \u00e9troitement durant dix ans avec Roy Krejberg, Directeur Artistique sur l\u2019Homme, puis cinq ans avec Antonio Marras, Directeur Artistique de la Maison. Premiers clich\u00e9s de surfaces en 2008 et naissance du projet \u00ab Les peintures du temps \u00bb en 2012. Exposition en solo en d\u00e9cembre 2015 \u00e0 la Galerie de l\u2019Europe, rue de Seine \u00e0 Paris. Pr\u00e9sent\u00e9 en Octobre 2015 par la Galerie Melepere lors du salon d\u2019art moderne ArtVerona de V\u00e9rone, Italie. Pr\u00e9sent\u00e9 en exclusivit\u00e9 en Novembre 2015 par le STUDIO SG \u00e0 Amsterdam. Pr\u00e9sent\u00e9 en Octobre 2017 par L\u2019ACAF, ACcessible Art Fair \u00e0 Bruxelles, Palais BOZAR. Michel Rosenfelder poursuit par ailleurs ses activit\u00e9s dans les m\u00e9tiers de la mode et du luxe en tant que consultant.\",\"sameAs\":[\"http:\/\/mrosenfelder.com\/\",\"https:\/\/www.facebook.com\/people\/Michel-Rosenfelder\/100008189806700\",\"https:\/\/www.instagram.com\/michelrosenfelder\/\",\"https:\/\/fr.linkedin.com\/in\/michel-rosenfelder-a6336b31\",\"https:\/\/www.pinterest.fr\/mrosenfelder\/\"]}]}<\/script>\n<!-- \/ Yoast SEO plugin. -->","yoast_head_json":{"title":"Biography &#187; Michel Rosenfelder Photography","robots":{"index":"index","follow":"follow","max-snippet":"max-snippet:-1","max-image-preview":"max-image-preview:large","max-video-preview":"max-video-preview:-1"},"canonical":"https:\/\/www.mrosenfelder.com\/en\/biography\/","og_locale":"en_US","og_type":"article","og_title":"Biography &#187; Michel Rosenfelder Photography","og_description":"Michel Rosenfelder was born in 1969 in Allier, France. He originally wanted to become a designer but decided to pursue a path in International Commerce &amp; Business instead. However, it was when he started to work in fashion that he discovered his true passion for different art forms and creative expressions. \u00a0 All the years &hellip; Biography Read More &raquo;","og_url":"https:\/\/www.mrosenfelder.com\/en\/biography\/","og_site_name":"Michel Rosenfelder Photography","article_publisher":"https:\/\/www.facebook.com\/people\/Michel-Rosenfelder\/100008189806700","article_modified_time":"2023-07-20T21:28:23+00:00","og_image":[{"url":"https:\/\/www.mrosenfelder.com\/wp-content\/uploads\/2020\/12\/Photo-Profile--scaled.jpg"}],"twitter_card":"summary_large_image","twitter_misc":{"Est. reading time":"2 minutes"},"schema":{"@context":"https:\/\/schema.org","@graph":[{"@type":"WebPage","@id":"https:\/\/www.mrosenfelder.com\/en\/biography\/","url":"https:\/\/www.mrosenfelder.com\/en\/biography\/","name":"Biography &#187; Michel Rosenfelder Photography","isPartOf":{"@id":"https:\/\/www.mrosenfelder.com\/en\/#website"},"primaryImageOfPage":{"@id":"https:\/\/www.mrosenfelder.com\/en\/biography\/#primaryimage"},"image":{"@id":"https:\/\/www.mrosenfelder.com\/en\/biography\/#primaryimage"},"thumbnailUrl":"https:\/\/www.mrosenfelder.com\/wp-content\/uploads\/2020\/12\/Photo-Profile--scaled.jpg","datePublished":"2020-07-16T08:23:18+00:00","dateModified":"2023-07-20T21:28:23+00:00","breadcrumb":{"@id":"https:\/\/www.mrosenfelder.com\/en\/biography\/#breadcrumb"},"inLanguage":"en-US","potentialAction":[{"@type":"ReadAction","target":["https:\/\/www.mrosenfelder.com\/en\/biography\/"]}]},{"@type":"ImageObject","inLanguage":"en-US","@id":"https:\/\/www.mrosenfelder.com\/en\/biography\/#primaryimage","url":"https:\/\/www.mrosenfelder.com\/wp-content\/uploads\/2020\/12\/Photo-Profile--scaled.jpg","contentUrl":"https:\/\/www.mrosenfelder.com\/wp-content\/uploads\/2020\/12\/Photo-Profile--scaled.jpg"},{"@type":"BreadcrumbList","@id":"https:\/\/www.mrosenfelder.com\/en\/biography\/#breadcrumb","itemListElement":[{"@type":"ListItem","position":1,"name":"Home","item":"https:\/\/www.mrosenfelder.com\/en\/"},{"@type":"ListItem","position":2,"name":"Biography"}]},{"@type":"WebSite","@id":"https:\/\/www.mrosenfelder.com\/en\/#website","url":"https:\/\/www.mrosenfelder.com\/en\/","name":"Michel Rosenfelder Photography","description":"","publisher":{"@id":"https:\/\/www.mrosenfelder.com\/en\/#\/schema\/person\/563f85e5874b9d599328ff029e68baad"},"potentialAction":[{"@type":"SearchAction","target":{"@type":"EntryPoint","urlTemplate":"https:\/\/www.mrosenfelder.com\/en\/?s={search_term_string}"},"query-input":"required name=search_term_string"}],"inLanguage":"en-US"},{"@type":["Person","Organization"],"@id":"https:\/\/www.mrosenfelder.com\/en\/#\/schema\/person\/563f85e5874b9d599328ff029e68baad","name":"Michel Rosenfelder","image":{"@type":"ImageObject","inLanguage":"en-US","@id":"https:\/\/www.mrosenfelder.com\/en\/#\/schema\/person\/image\/","url":"https:\/\/www.mrosenfelder.com\/wp-content\/uploads\/2020\/09\/michel-rosenfelder-logo.png","contentUrl":"https:\/\/www.mrosenfelder.com\/wp-content\/uploads\/2020\/09\/michel-rosenfelder-logo.png","width":1036,"height":64,"caption":"Michel Rosenfelder"},"logo":{"@id":"https:\/\/www.mrosenfelder.com\/en\/#\/schema\/person\/image\/"},"description":"Michel Rosenfelder est n\u00e9 en 1969 en Allier, France. Bien qu\u2019attir\u00e9 par une formation de designer, il suit finalement en 1990 une voie g\u00e9n\u00e9raliste en Commerce International, mais c\u2019est dans la mode qu\u2019il exprimera en premier sa sensibilit\u00e9. Il int\u00e8gre la Maison KENZO en 1992, pour laquelle il participera au d\u00e9veloppement de l\u2019Homme pendant pr\u00e8s de 20 ans. Il collabore \u00e9troitement durant dix ans avec Roy Krejberg, Directeur Artistique sur l\u2019Homme, puis cinq ans avec Antonio Marras, Directeur Artistique de la Maison. Premiers clich\u00e9s de surfaces en 2008 et naissance du projet \u00ab Les peintures du temps \u00bb en 2012. Exposition en solo en d\u00e9cembre 2015 \u00e0 la Galerie de l\u2019Europe, rue de Seine \u00e0 Paris. Pr\u00e9sent\u00e9 en Octobre 2015 par la Galerie Melepere lors du salon d\u2019art moderne ArtVerona de V\u00e9rone, Italie. Pr\u00e9sent\u00e9 en exclusivit\u00e9 en Novembre 2015 par le STUDIO SG \u00e0 Amsterdam. Pr\u00e9sent\u00e9 en Octobre 2017 par L\u2019ACAF, ACcessible Art Fair \u00e0 Bruxelles, Palais BOZAR. Michel Rosenfelder poursuit par ailleurs ses activit\u00e9s dans les m\u00e9tiers de la mode et du luxe en tant que consultant.","sameAs":["http:\/\/mrosenfelder.com\/","https:\/\/www.facebook.com\/people\/Michel-Rosenfelder\/100008189806700","https:\/\/www.instagram.com\/michelrosenfelder\/","https:\/\/fr.linkedin.com\/in\/michel-rosenfelder-a6336b31","https:\/\/www.pinterest.fr\/mrosenfelder\/"]}]}},"_links":{"self":[{"href":"https:\/\/www.mrosenfelder.com\/en\/wp-json\/wp\/v2\/pages\/404"}],"collection":[{"href":"https:\/\/www.mrosenfelder.com\/en\/wp-json\/wp\/v2\/pages"}],"about":[{"href":"https:\/\/www.mrosenfelder.com\/en\/wp-json\/wp\/v2\/types\/page"}],"author":[{"embeddable":true,"href":"https:\/\/www.mrosenfelder.com\/en\/wp-json\/wp\/v2\/users\/1"}],"replies":[{"embeddable":true,"href":"https:\/\/www.mrosenfelder.com\/en\/wp-json\/wp\/v2\/comments?post=404"}],"version-history":[{"count":6,"href":"https:\/\/www.mrosenfelder.com\/en\/wp-json\/wp\/v2\/pages\/404\/revisions"}],"predecessor-version":[{"id":2524,"href":"https:\/\/www.mrosenfelder.com\/en\/wp-json\/wp\/v2\/pages\/404\/revisions\/2524"}],"wp:attachment":[{"href":"https:\/\/www.mrosenfelder.com\/en\/wp-json\/wp\/v2\/media?parent=404"}],"curies":[{"name":"wp","href":"https:\/\/api.w.org\/{rel}","templated":true}]}}